{"version":"1.0","provider_name":"Teatinos","provider_url":"https:\/\/teatinos.org\/pt-br\/","title":"A sa\u00fade dos nossos idosos - Teatinos","type":"rich","width":600,"height":338,"html":"<blockquote class=\"wp-embedded-content\" data-secret=\"2wLjhww07w\"><a href=\"https:\/\/teatinos.org\/pt-br\/a-saude-dos-nossos-idosos\/\">A sa\u00fade dos nossos idosos<\/a><\/blockquote><iframe sandbox=\"allow-scripts\" security=\"restricted\" src=\"https:\/\/teatinos.org\/pt-br\/a-saude-dos-nossos-idosos\/embed\/#?secret=2wLjhww07w\" width=\"600\" height=\"338\" title=\"&#8220;A sa\u00fade dos nossos idosos&#8221; &#8212; Teatinos\" data-secret=\"2wLjhww07w\" frameborder=\"0\" marginwidth=\"0\" marginheight=\"0\" scrolling=\"no\" class=\"wp-embedded-content\"><\/iframe><script type=\"text\/javascript\">\n\/* <![CDATA[ *\/\n\/*! This file is auto-generated *\/\n!function(d,l){\"use strict\";l.querySelector&&d.addEventListener&&\"undefined\"!=typeof URL&&(d.wp=d.wp||{},d.wp.receiveEmbedMessage||(d.wp.receiveEmbedMessage=function(e){var t=e.data;if((t||t.secret||t.message||t.value)&&!\/[^a-zA-Z0-9]\/.test(t.secret)){for(var s,r,n,a=l.querySelectorAll('iframe[data-secret=\"'+t.secret+'\"]'),o=l.querySelectorAll('blockquote[data-secret=\"'+t.secret+'\"]'),c=new RegExp(\"^https?:$\",\"i\"),i=0;i<o.length;i++)o[i].style.display=\"none\";for(i=0;i<a.length;i++)s=a[i],e.source===s.contentWindow&&(s.removeAttribute(\"style\"),\"height\"===t.message?(1e3<(r=parseInt(t.value,10))?r=1e3:~~r<200&&(r=200),s.height=r):\"link\"===t.message&&(r=new URL(s.getAttribute(\"src\")),n=new URL(t.value),c.test(n.protocol))&&n.host===r.host&&l.activeElement===s&&(d.top.location.href=t.value))}},d.addEventListener(\"message\",d.wp.receiveEmbedMessage,!1),l.addEventListener(\"DOMContentLoaded\",function(){for(var e,t,s=l.querySelectorAll(\"iframe.wp-embedded-content\"),r=0;r<s.length;r++)(t=(e=s[r]).getAttribute(\"data-secret\"))||(t=Math.random().toString(36).substring(2,12),e.src+=\"#?secret=\"+t,e.setAttribute(\"data-secret\",t)),e.contentWindow.postMessage({message:\"ready\",secret:t},\"*\")},!1)))}(window,document);\n\/* ]]> *\/\n<\/script>\n","thumbnail_url":"https:\/\/teatinos.org\/wp-content\/uploads\/2022\/02\/PLACA-NOTICIAS-ESPANA.png","thumbnail_width":1080,"thumbnail_height":1080,"description":"A paz e a alegria da P\u00e1scoa! Queridos amigos: No dia de seu 90\u00ba anivers\u00e1rio (4 de maio passado), Pe. Pedro Estelrich Juan, CR da Espanha, foi operado em Palma de Maiorca. Partilhamos agora com alegria as not\u00edcias que nos chegam da Prov\u00edncia irm\u00e3 de Espanha do Secret\u00e1rio Provincial, Pe.&hellip;"}