{"version":"1.0","provider_name":"Teatinos","provider_url":"https:\/\/teatinos.org\/pt-br\/","title":"Liga\u00e7\u00e3o e Liturgia: Ordena\u00e7\u00e3o Diaconal do Irm\u00e3o Jo\u00e3o Victor dos Santos Silva, C.R. - Teatinos","type":"rich","width":600,"height":338,"html":"<blockquote class=\"wp-embedded-content\" data-secret=\"55m9xhg5Gl\"><a href=\"https:\/\/teatinos.org\/pt-br\/5164\/\">Liga\u00e7\u00e3o e Liturgia: Ordena\u00e7\u00e3o Diaconal do Irm\u00e3o Jo\u00e3o Victor dos Santos Silva, C.R.<\/a><\/blockquote><iframe sandbox=\"allow-scripts\" security=\"restricted\" src=\"https:\/\/teatinos.org\/pt-br\/5164\/embed\/#?secret=55m9xhg5Gl\" width=\"600\" height=\"338\" title=\"&#8220;Liga\u00e7\u00e3o e Liturgia: Ordena\u00e7\u00e3o Diaconal do Irm\u00e3o Jo\u00e3o Victor dos Santos Silva, C.R.&#8221; &#8212; Teatinos\" data-secret=\"55m9xhg5Gl\" frameborder=\"0\" marginwidth=\"0\" marginheight=\"0\" scrolling=\"no\" class=\"wp-embedded-content\"><\/iframe><script type=\"text\/javascript\">\n\/* <![CDATA[ *\/\n\/*! This file is auto-generated *\/\n!function(d,l){\"use strict\";l.querySelector&&d.addEventListener&&\"undefined\"!=typeof URL&&(d.wp=d.wp||{},d.wp.receiveEmbedMessage||(d.wp.receiveEmbedMessage=function(e){var t=e.data;if((t||t.secret||t.message||t.value)&&!\/[^a-zA-Z0-9]\/.test(t.secret)){for(var s,r,n,a=l.querySelectorAll('iframe[data-secret=\"'+t.secret+'\"]'),o=l.querySelectorAll('blockquote[data-secret=\"'+t.secret+'\"]'),c=new RegExp(\"^https?:$\",\"i\"),i=0;i<o.length;i++)o[i].style.display=\"none\";for(i=0;i<a.length;i++)s=a[i],e.source===s.contentWindow&&(s.removeAttribute(\"style\"),\"height\"===t.message?(1e3<(r=parseInt(t.value,10))?r=1e3:~~r<200&&(r=200),s.height=r):\"link\"===t.message&&(r=new URL(s.getAttribute(\"src\")),n=new URL(t.value),c.test(n.protocol))&&n.host===r.host&&l.activeElement===s&&(d.top.location.href=t.value))}},d.addEventListener(\"message\",d.wp.receiveEmbedMessage,!1),l.addEventListener(\"DOMContentLoaded\",function(){for(var e,t,s=l.querySelectorAll(\"iframe.wp-embedded-content\"),r=0;r<s.length;r++)(t=(e=s[r]).getAttribute(\"data-secret\"))||(t=Math.random().toString(36).substring(2,12),e.src+=\"#?secret=\"+t,e.setAttribute(\"data-secret\",t)),e.contentWindow.postMessage({message:\"ready\",secret:t},\"*\")},!1)))}(window,document);\n\/* ]]> *\/\n<\/script>\n","thumbnail_url":"https:\/\/teatinos.org\/wp-content\/uploads\/2020\/06\/Joao800x800.png","thumbnail_width":800,"thumbnail_height":800,"description":"Compartilhamos com voc\u00ea o livro da liturgia que ser\u00e1 usado na Celebra\u00e7\u00e3o da Ordena\u00e7\u00e3o Diaconal do Irm\u00e3o Jo\u00e3o Victor dos Santos Silva, CR, no pr\u00f3ximo domingo, 14 de junho \u00e0s 11h (hor\u00e1rio de Roma), Solenidade de Corpus Christi , na Bas\u00edlica Sant&#8217;Andrea della Valle, em Roma, que ser\u00e1 presidida por&hellip;"}