{"version":"1.0","provider_name":"Teatinos","provider_url":"https:\/\/teatinos.org\/fr\/","title":"Nouveau Secr\u00e9taire Provincial des Th\u00e9atins au Br\u00e9sil - Teatinos","type":"rich","width":600,"height":338,"html":"<blockquote class=\"wp-embedded-content\" data-secret=\"V8zA7DEBTr\"><a href=\"https:\/\/teatinos.org\/fr\/nouveau-secretaire-provincial-des-theatins-au-bresil\/\">Nouveau Secr\u00e9taire Provincial des Th\u00e9atins au Br\u00e9sil<\/a><\/blockquote><iframe sandbox=\"allow-scripts\" security=\"restricted\" src=\"https:\/\/teatinos.org\/fr\/nouveau-secretaire-provincial-des-theatins-au-bresil\/embed\/#?secret=V8zA7DEBTr\" width=\"600\" height=\"338\" title=\"\u00ab\u00a0Nouveau Secr\u00e9taire Provincial des Th\u00e9atins au Br\u00e9sil\u00a0\u00bb &#8212; Teatinos\" data-secret=\"V8zA7DEBTr\" frameborder=\"0\" marginwidth=\"0\" marginheight=\"0\" scrolling=\"no\" class=\"wp-embedded-content\"><\/iframe><script type=\"text\/javascript\">\n\/* <![CDATA[ *\/\n\/*! This file is auto-generated *\/\n!function(d,l){\"use strict\";l.querySelector&&d.addEventListener&&\"undefined\"!=typeof URL&&(d.wp=d.wp||{},d.wp.receiveEmbedMessage||(d.wp.receiveEmbedMessage=function(e){var t=e.data;if((t||t.secret||t.message||t.value)&&!\/[^a-zA-Z0-9]\/.test(t.secret)){for(var s,r,n,a=l.querySelectorAll('iframe[data-secret=\"'+t.secret+'\"]'),o=l.querySelectorAll('blockquote[data-secret=\"'+t.secret+'\"]'),c=new RegExp(\"^https?:$\",\"i\"),i=0;i<o.length;i++)o[i].style.display=\"none\";for(i=0;i<a.length;i++)s=a[i],e.source===s.contentWindow&&(s.removeAttribute(\"style\"),\"height\"===t.message?(1e3<(r=parseInt(t.value,10))?r=1e3:~~r<200&&(r=200),s.height=r):\"link\"===t.message&&(r=new URL(s.getAttribute(\"src\")),n=new URL(t.value),c.test(n.protocol))&&n.host===r.host&&l.activeElement===s&&(d.top.location.href=t.value))}},d.addEventListener(\"message\",d.wp.receiveEmbedMessage,!1),l.addEventListener(\"DOMContentLoaded\",function(){for(var e,t,s=l.querySelectorAll(\"iframe.wp-embedded-content\"),r=0;r<s.length;r++)(t=(e=s[r]).getAttribute(\"data-secret\"))||(t=Math.random().toString(36).substring(2,12),e.src+=\"#?secret=\"+t,e.setAttribute(\"data-secret\",t)),e.contentWindow.postMessage({message:\"ready\",secret:t},\"*\")},!1)))}(window,document);\n\/* ]]> *\/\n<\/script>\n","thumbnail_url":"https:\/\/teatinos.org\/wp-content\/uploads\/2020\/06\/Brasil-Designaciones-Junio-2020-800x800-1.png","thumbnail_width":800,"thumbnail_height":800,"description":"Chers fr\u00e8res: Je voudrais saisir cette occasion pour vous saluer et partager avec vous que le P\u00e8re Provincial des P\u00e8res R\u00e9guliers Th\u00e9atins de la Province de \u00ab\u00a0Paulo VI\u00a0\u00bb du Br\u00e9sil, M.R.P. T\u00falio C\u00e9sar Caetano, C.R., a conf\u00e9r\u00e9 le poste de secr\u00e9taire provincial dans la juridiction de la congr\u00e9gation qui pr\u00e9side\u2026"}