{"version":"1.0","provider_name":"Teatinos","provider_url":"https:\/\/teatinos.org\/fr\/","title":"Calendrier du Car\u00eame pour les enfants et les jeunes - Teatinos","type":"rich","width":600,"height":338,"html":"<blockquote class=\"wp-embedded-content\" data-secret=\"UL4Tuz3o42\"><a href=\"https:\/\/teatinos.org\/fr\/calendario-de-cuaresma-para-ninos-y-jovenes\/\">Calendrier du Car\u00eame pour les enfants et les jeunes<\/a><\/blockquote><iframe sandbox=\"allow-scripts\" security=\"restricted\" src=\"https:\/\/teatinos.org\/fr\/calendario-de-cuaresma-para-ninos-y-jovenes\/embed\/#?secret=UL4Tuz3o42\" width=\"600\" height=\"338\" title=\"\u00ab\u00a0Calendrier du Car\u00eame pour les enfants et les jeunes\u00a0\u00bb &#8212; Teatinos\" data-secret=\"UL4Tuz3o42\" frameborder=\"0\" marginwidth=\"0\" marginheight=\"0\" scrolling=\"no\" class=\"wp-embedded-content\"><\/iframe><script type=\"text\/javascript\">\n\/* <![CDATA[ *\/\n\/*! This file is auto-generated *\/\n!function(d,l){\"use strict\";l.querySelector&&d.addEventListener&&\"undefined\"!=typeof URL&&(d.wp=d.wp||{},d.wp.receiveEmbedMessage||(d.wp.receiveEmbedMessage=function(e){var t=e.data;if((t||t.secret||t.message||t.value)&&!\/[^a-zA-Z0-9]\/.test(t.secret)){for(var s,r,n,a=l.querySelectorAll('iframe[data-secret=\"'+t.secret+'\"]'),o=l.querySelectorAll('blockquote[data-secret=\"'+t.secret+'\"]'),c=new RegExp(\"^https?:$\",\"i\"),i=0;i<o.length;i++)o[i].style.display=\"none\";for(i=0;i<a.length;i++)s=a[i],e.source===s.contentWindow&&(s.removeAttribute(\"style\"),\"height\"===t.message?(1e3<(r=parseInt(t.value,10))?r=1e3:~~r<200&&(r=200),s.height=r):\"link\"===t.message&&(r=new URL(s.getAttribute(\"src\")),n=new URL(t.value),c.test(n.protocol))&&n.host===r.host&&l.activeElement===s&&(d.top.location.href=t.value))}},d.addEventListener(\"message\",d.wp.receiveEmbedMessage,!1),l.addEventListener(\"DOMContentLoaded\",function(){for(var e,t,s=l.querySelectorAll(\"iframe.wp-embedded-content\"),r=0;r<s.length;r++)(t=(e=s[r]).getAttribute(\"data-secret\"))||(t=Math.random().toString(36).substring(2,12),e.src+=\"#?secret=\"+t,e.setAttribute(\"data-secret\",t)),e.contentWindow.postMessage({message:\"ready\",secret:t},\"*\")},!1)))}(window,document);\n\/* ]]> *\/\n<\/script>\n","thumbnail_url":"https:\/\/teatinos.org\/wp-content\/uploads\/2023\/05\/Placa-Espana-Colombia-2023.png","thumbnail_width":1080,"thumbnail_height":1080,"description":"De la Province Th\u00e9\u00e2tine d&rsquo;Espagne et de Colombie, le secr\u00e9taire provincial, R.P. Francisco Javier Delgado Delgado, C.R., partage avec nous le calendrier et le calendrier du Car\u00eame \u00e0 utiliser dans les diff\u00e9rentes communaut\u00e9s avec les enfants et les jeunes ! Vous pouvez le t\u00e9l\u00e9charger sur le lien suivant. https:\/\/drive.google.com\/drive\/folders\/1_maar2tpbMWVQP2MYWXoIj2ZFVCz0Mxo?usp=sharing Nous\u2026"}